{"id":2140,"date":"2021-03-30T16:27:26","date_gmt":"2021-03-30T14:27:26","guid":{"rendered":"https:\/\/erik-marquardt.eu\/?post_type=podcasts&#038;p=2140"},"modified":"2021-03-30T16:27:30","modified_gmt":"2021-03-30T14:27:30","slug":"dickes-brett-15-der-moria-komplex-mit-maximilian-pichl","status":"publish","type":"podcasts","link":"https:\/\/erik-marquardt.eu\/en\/podcasts\/thick-board-15-the-moria-complex-with-maximilian-pichl\/","title":{"rendered":"Thick Board #15: The Moria Complex with Maximilian Pichl"},"content":{"rendered":"<p>I talk to researcher Maximilian Pichl about his study <a href=\"https:\/\/www.medico.de\/fileadmin\/user_upload\/media\/studie-der-moria-komplex.pdf\">The Moria Complex<\/a> - Irresponsibility, incompetence and disenfranchisement five years after the EU-Turkey agreement and the introduction of the hotspot system. The study itself is 22 pages long and is well written.<\/p>\n\n\n\n<p> In <a href=\"https:\/\/erik-marquardt.eu\/en\/2021\/03\/17\/fuenf-jahre-eu-tuerkei-deal-wie-man-sich-zeit-erkaufte-und-sie-nicht-nutzte\/\">this text<\/a> I also explain how time was bought five years ago with the EU-Turkey deal, but unfortunately not used and here <a href=\"https:\/\/erik-marquardt.eu\/en\/2020\/12\/14\/die-strategie-der-deutschen-ratspraesidentschaft-ist-gescheitert\/\">I declare<\/a>why the German plans for a European asylum and migration pact failed and why negotiations are currently stalled.<\/p>\n\n\n\n<p>You can find more info from the camp itself and also from those involved on Instagram <a href=\"https:\/\/www.instagram.com\/moria2_karatepa\/?igshid=1siqph0n3bafy\">moria2_karatepa<\/a> or on Twitter at<a href=\"https:\/\/twitter.com\/MoriaMediaTeam\"> Moria Media Team.<\/a><\/p>\n\n\n\n<figure class=\"wp-block-embed is-type-rich is-provider-soundcloud wp-block-embed-soundcloud wp-embed-aspect-4-3 wp-has-aspect-ratio\"><div class=\"wp-block-embed__wrapper\">\n<iframe loading=\"lazy\" title=\"Thick Board #15: The Moria Complex with Maximilian Pichl by Erik Marquardt\" width=\"905\" height=\"400\" scrolling=\"no\" frameborder=\"no\" src=\"https:\/\/w.soundcloud.com\/player\/?visual=true&#038;url=https%3A%2F%2Fapi.soundcloud.com%2Ftracks%2F1019092858&#038;show_artwork=true&#038;maxwidth=905&#038;maxheight=1000&#038;dnt=1\"><\/iframe>\n<\/div><\/figure>\n\n\n\n<blockquote class=\"wp-block-quote is-layout-flow wp-block-quote-is-layout-flow\"><p><strong>The treatment of minorities and refugees is also a measure of how societies defend their self-imposed standards of human dignity, human rights and the rule of law.<\/strong><\/p><cite><strong>Maximilian Pichl, law and political scientist at the University of Frankfurt am Main<\/strong> <\/cite><\/blockquote>\n\n\n\n<figure class=\"wp-block-embed is-type-rich is-provider-twitter wp-block-embed-twitter\"><div class=\"wp-block-embed__wrapper\">\n<blockquote class=\"twitter-tweet\" data-width=\"550\" data-dnt=\"true\"><p lang=\"de\" dir=\"ltr\">\"No amount of humanitarian effort in the world can compensate for the lack of political will.\" &#8211; from the <a href=\"https:\/\/twitter.com\/hashtag\/Moria?src=hash&amp;ref_src=twsrc%5Etfw\">#Moria<\/a> Study from <a href=\"https:\/\/twitter.com\/MXPichl?ref_src=twsrc%5Etfw\">@MXPichl<\/a> on the 5th anniversary EU <a href=\"https:\/\/twitter.com\/hashtag\/T%C3%BCrkei?src=hash&amp;ref_src=twsrc%5Etfw\">#Turkey<\/a> Deal. <a href=\"https:\/\/twitter.com\/hashtag\/MoriaKomplex?src=hash&amp;ref_src=twsrc%5Etfw\">#MoriaComplex<\/a>  <br>To the study: <a href=\"https:\/\/t.co\/aKQ7s5KelP\">https:\/\/t.co\/aKQ7s5KelP<\/a> <a href=\"https:\/\/t.co\/fgCQDslL7Z\">pic.twitter.com\/fgCQDslL7Z<\/a><\/p>&mdash; medico international (@nothilfe) <a href=\"https:\/\/twitter.com\/nothilfe\/status\/1372438410774872064?ref_src=twsrc%5Etfw\">March 18, 2021<\/a><\/blockquote><script async src=\"https:\/\/platform.twitter.com\/widgets.js\" charset=\"utf-8\"><\/script>\n<\/div><\/figure>\n\n\n\n<p><\/p>","protected":false},"excerpt":{"rendered":"<p>I talk to researcher Maximilian Pichl about his study The Moria Complex - irresponsibility, incompetence and disenfranchisement five years after the EU-Turkey Agreement and the introduction of the hotspot system. The study itself is 22 pages long and is written in a way that is easy to understand. In this text I also explain how to deal with the EU-Turkey &amp;hellip five years ago;<\/p>","protected":false},"author":2,"featured_media":2138,"template":"","meta":{"_FSMCFIC_featured_image_caption":"","_FSMCFIC_featured_image_nocaption":"","_FSMCFIC_featured_image_hide":""},"class_list":["post-2140","podcasts","type-podcasts","status-publish","has-post-thumbnail","hentry","post","with-featured-image"],"yoast_head":"<!-- This site is optimized with the Yoast SEO plugin v27.4 - https:\/\/yoast.com\/product\/yoast-seo-wordpress\/ -->\n<title>Dickes Brett #15: Der Moria-Komplex mit Maximilian Pichl<\/title>\n<meta name=\"description\" content=\"Ich spreche mit dem Forscher Maximilian Pichl \u00fcber seine Studie Der Moria-Komplex - vor allem \u00fcber die Hotspots und den EU-T\u00fcrkei Deal.\" \/>\n<meta name=\"robots\" content=\"index, follow, max-snippet:-1, max-image-preview:large, max-video-preview:-1\" \/>\n<link rel=\"canonical\" href=\"https:\/\/erik-marquardt.eu\/en\/podcasts\/dickes-brett-15-der-moria-komplex-mit-maximilian-pichl\/\" \/>\n<meta property=\"og:locale\" content=\"en_GB\" \/>\n<meta property=\"og:type\" content=\"article\" \/>\n<meta property=\"og:title\" content=\"Dickes Brett #15: Der Moria-Komplex mit Maximilian Pichl\" \/>\n<meta property=\"og:description\" content=\"Ich spreche mit dem Forscher Maximilian Pichl \u00fcber seine Studie Der Moria-Komplex - vor allem \u00fcber die Hotspots und den EU-T\u00fcrkei Deal.\" \/>\n<meta property=\"og:url\" content=\"https:\/\/erik-marquardt.eu\/en\/podcasts\/dickes-brett-15-der-moria-komplex-mit-maximilian-pichl\/\" \/>\n<meta property=\"og:site_name\" content=\"Erik Marquardt\" \/>\n<meta property=\"article:modified_time\" content=\"2021-03-30T14:27:30+00:00\" \/>\n<meta property=\"og:image\" content=\"https:\/\/erik-marquardt.eu\/wp-content\/uploads\/2021\/03\/Moria2.jpg\" \/>\n\t<meta property=\"og:image:width\" content=\"976\" \/>\n\t<meta property=\"og:image:height\" content=\"968\" \/>\n\t<meta property=\"og:image:type\" content=\"image\/jpeg\" \/>\n<meta name=\"twitter:card\" content=\"summary_large_image\" \/>\n<meta name=\"twitter:title\" content=\"Dickes Brett #15: Der Moria-Komplex mit Maximilian Pichl\" \/>\n<meta name=\"twitter:description\" content=\"Ich spreche mit dem Forscher Maximilian Pichl \u00fcber seine Studie Der Moria-Komplex - vor allem \u00fcber die Hotspots und den EU-T\u00fcrkei Deal.\" \/>\n<meta name=\"twitter:image\" content=\"https:\/\/erik-marquardt.eu\/wp-content\/uploads\/2021\/03\/Moria2.jpg\" \/>\n<meta name=\"twitter:label1\" content=\"Estimated reading time\" \/>\n\t<meta name=\"twitter:data1\" content=\"1 minute\" \/>\n<script type=\"application\/ld+json\" class=\"yoast-schema-graph\">{\"@context\":\"https:\\\/\\\/schema.org\",\"@graph\":[{\"@type\":\"WebPage\",\"@id\":\"https:\\\/\\\/erik-marquardt.eu\\\/podcasts\\\/dickes-brett-15-der-moria-komplex-mit-maximilian-pichl\\\/\",\"url\":\"https:\\\/\\\/erik-marquardt.eu\\\/podcasts\\\/dickes-brett-15-der-moria-komplex-mit-maximilian-pichl\\\/\",\"name\":\"Dickes Brett #15: Der Moria-Komplex mit Maximilian Pichl\",\"isPartOf\":{\"@id\":\"https:\\\/\\\/erik-marquardt.eu\\\/#website\"},\"primaryImageOfPage\":{\"@id\":\"https:\\\/\\\/erik-marquardt.eu\\\/podcasts\\\/dickes-brett-15-der-moria-komplex-mit-maximilian-pichl\\\/#primaryimage\"},\"image\":{\"@id\":\"https:\\\/\\\/erik-marquardt.eu\\\/podcasts\\\/dickes-brett-15-der-moria-komplex-mit-maximilian-pichl\\\/#primaryimage\"},\"thumbnailUrl\":\"https:\\\/\\\/erik-marquardt.eu\\\/wp-content\\\/uploads\\\/2021\\\/03\\\/Moria2.jpg\",\"datePublished\":\"2021-03-30T14:27:26+00:00\",\"dateModified\":\"2021-03-30T14:27:30+00:00\",\"description\":\"Ich spreche mit dem Forscher Maximilian Pichl \u00fcber seine Studie Der Moria-Komplex - vor allem \u00fcber die Hotspots und den EU-T\u00fcrkei Deal.\",\"breadcrumb\":{\"@id\":\"https:\\\/\\\/erik-marquardt.eu\\\/podcasts\\\/dickes-brett-15-der-moria-komplex-mit-maximilian-pichl\\\/#breadcrumb\"},\"inLanguage\":\"en-GB\",\"potentialAction\":[{\"@type\":\"ReadAction\",\"target\":[\"https:\\\/\\\/erik-marquardt.eu\\\/podcasts\\\/dickes-brett-15-der-moria-komplex-mit-maximilian-pichl\\\/\"]}]},{\"@type\":\"ImageObject\",\"inLanguage\":\"en-GB\",\"@id\":\"https:\\\/\\\/erik-marquardt.eu\\\/podcasts\\\/dickes-brett-15-der-moria-komplex-mit-maximilian-pichl\\\/#primaryimage\",\"url\":\"https:\\\/\\\/erik-marquardt.eu\\\/wp-content\\\/uploads\\\/2021\\\/03\\\/Moria2.jpg\",\"contentUrl\":\"https:\\\/\\\/erik-marquardt.eu\\\/wp-content\\\/uploads\\\/2021\\\/03\\\/Moria2.jpg\",\"width\":976,\"height\":968},{\"@type\":\"BreadcrumbList\",\"@id\":\"https:\\\/\\\/erik-marquardt.eu\\\/podcasts\\\/dickes-brett-15-der-moria-komplex-mit-maximilian-pichl\\\/#breadcrumb\",\"itemListElement\":[{\"@type\":\"ListItem\",\"position\":1,\"name\":\"Startseite\",\"item\":\"https:\\\/\\\/erik-marquardt.eu\\\/\"},{\"@type\":\"ListItem\",\"position\":2,\"name\":\"Podcasts\",\"item\":\"https:\\\/\\\/erik-marquardt.eu\\\/en\\\/podcasts\\\/\"},{\"@type\":\"ListItem\",\"position\":3,\"name\":\"Dickes Brett #15: Der Moria-Komplex mit Maximilian Pichl\"}]},{\"@type\":\"WebSite\",\"@id\":\"https:\\\/\\\/erik-marquardt.eu\\\/#website\",\"url\":\"https:\\\/\\\/erik-marquardt.eu\\\/\",\"name\":\"Erik Marquardt\",\"description\":\"Mitglied des Europ\u00e4ischen Parlaments \",\"publisher\":{\"@id\":\"https:\\\/\\\/erik-marquardt.eu\\\/#\\\/schema\\\/person\\\/ae6a90f9433e208a6be9ba844e6cff23\"},\"potentialAction\":[{\"@type\":\"SearchAction\",\"target\":{\"@type\":\"EntryPoint\",\"urlTemplate\":\"https:\\\/\\\/erik-marquardt.eu\\\/?s={search_term_string}\"},\"query-input\":{\"@type\":\"PropertyValueSpecification\",\"valueRequired\":true,\"valueName\":\"search_term_string\"}}],\"inLanguage\":\"en-GB\"},{\"@type\":[\"Person\",\"Organization\"],\"@id\":\"https:\\\/\\\/erik-marquardt.eu\\\/#\\\/schema\\\/person\\\/ae6a90f9433e208a6be9ba844e6cff23\",\"name\":\"Erik Marquardt\",\"image\":{\"@type\":\"ImageObject\",\"inLanguage\":\"en-GB\",\"@id\":\"https:\\\/\\\/erik-marquardt.eu\\\/wp-content\\\/uploads\\\/2025\\\/12\\\/erik-markquardt_combined-logo_same-size.svg\",\"url\":\"https:\\\/\\\/erik-marquardt.eu\\\/wp-content\\\/uploads\\\/2025\\\/12\\\/erik-markquardt_combined-logo_same-size.svg\",\"contentUrl\":\"https:\\\/\\\/erik-marquardt.eu\\\/wp-content\\\/uploads\\\/2025\\\/12\\\/erik-markquardt_combined-logo_same-size.svg\",\"width\":370,\"height\":123,\"caption\":\"Erik Marquardt\"},\"logo\":{\"@id\":\"https:\\\/\\\/erik-marquardt.eu\\\/wp-content\\\/uploads\\\/2025\\\/12\\\/erik-markquardt_combined-logo_same-size.svg\"}}]}<\/script>\n<!-- \/ Yoast SEO plugin. -->","yoast_head_json":{"title":"Thick Board #15: The Moria Complex with Maximilian Pichl","description":"I talk to researcher Maximilian Pichl about his study The Moria Complex - particularly the hotspots and the EU-Turkey deal.","robots":{"index":"index","follow":"follow","max-snippet":"max-snippet:-1","max-image-preview":"max-image-preview:large","max-video-preview":"max-video-preview:-1"},"canonical":"https:\/\/erik-marquardt.eu\/en\/podcasts\/dickes-brett-15-der-moria-komplex-mit-maximilian-pichl\/","og_locale":"en_GB","og_type":"article","og_title":"Dickes Brett #15: Der Moria-Komplex mit Maximilian Pichl","og_description":"Ich spreche mit dem Forscher Maximilian Pichl \u00fcber seine Studie Der Moria-Komplex - vor allem \u00fcber die Hotspots und den EU-T\u00fcrkei Deal.","og_url":"https:\/\/erik-marquardt.eu\/en\/podcasts\/dickes-brett-15-der-moria-komplex-mit-maximilian-pichl\/","og_site_name":"Erik Marquardt","article_modified_time":"2021-03-30T14:27:30+00:00","og_image":[{"width":976,"height":968,"url":"https:\/\/erik-marquardt.eu\/wp-content\/uploads\/2021\/03\/Moria2.jpg","type":"image\/jpeg"}],"twitter_card":"summary_large_image","twitter_title":"Dickes Brett #15: Der Moria-Komplex mit Maximilian Pichl","twitter_description":"Ich spreche mit dem Forscher Maximilian Pichl \u00fcber seine Studie Der Moria-Komplex - vor allem \u00fcber die Hotspots und den EU-T\u00fcrkei Deal.","twitter_image":"https:\/\/erik-marquardt.eu\/wp-content\/uploads\/2021\/03\/Moria2.jpg","twitter_misc":{"Estimated reading time":"1 minute"},"schema":{"@context":"https:\/\/schema.org","@graph":[{"@type":"WebPage","@id":"https:\/\/erik-marquardt.eu\/podcasts\/dickes-brett-15-der-moria-komplex-mit-maximilian-pichl\/","url":"https:\/\/erik-marquardt.eu\/podcasts\/dickes-brett-15-der-moria-komplex-mit-maximilian-pichl\/","name":"Thick Board #15: The Moria Complex with Maximilian Pichl","isPartOf":{"@id":"https:\/\/erik-marquardt.eu\/#website"},"primaryImageOfPage":{"@id":"https:\/\/erik-marquardt.eu\/podcasts\/dickes-brett-15-der-moria-komplex-mit-maximilian-pichl\/#primaryimage"},"image":{"@id":"https:\/\/erik-marquardt.eu\/podcasts\/dickes-brett-15-der-moria-komplex-mit-maximilian-pichl\/#primaryimage"},"thumbnailUrl":"https:\/\/erik-marquardt.eu\/wp-content\/uploads\/2021\/03\/Moria2.jpg","datePublished":"2021-03-30T14:27:26+00:00","dateModified":"2021-03-30T14:27:30+00:00","description":"I talk to researcher Maximilian Pichl about his study The Moria Complex - particularly the hotspots and the EU-Turkey deal.","breadcrumb":{"@id":"https:\/\/erik-marquardt.eu\/podcasts\/dickes-brett-15-der-moria-komplex-mit-maximilian-pichl\/#breadcrumb"},"inLanguage":"en-GB","potentialAction":[{"@type":"ReadAction","target":["https:\/\/erik-marquardt.eu\/podcasts\/dickes-brett-15-der-moria-komplex-mit-maximilian-pichl\/"]}]},{"@type":"ImageObject","inLanguage":"en-GB","@id":"https:\/\/erik-marquardt.eu\/podcasts\/dickes-brett-15-der-moria-komplex-mit-maximilian-pichl\/#primaryimage","url":"https:\/\/erik-marquardt.eu\/wp-content\/uploads\/2021\/03\/Moria2.jpg","contentUrl":"https:\/\/erik-marquardt.eu\/wp-content\/uploads\/2021\/03\/Moria2.jpg","width":976,"height":968},{"@type":"BreadcrumbList","@id":"https:\/\/erik-marquardt.eu\/podcasts\/dickes-brett-15-der-moria-komplex-mit-maximilian-pichl\/#breadcrumb","itemListElement":[{"@type":"ListItem","position":1,"name":"Startseite","item":"https:\/\/erik-marquardt.eu\/"},{"@type":"ListItem","position":2,"name":"Podcasts","item":"https:\/\/erik-marquardt.eu\/en\/podcasts\/"},{"@type":"ListItem","position":3,"name":"Dickes Brett #15: Der Moria-Komplex mit Maximilian Pichl"}]},{"@type":"WebSite","@id":"https:\/\/erik-marquardt.eu\/#website","url":"https:\/\/erik-marquardt.eu\/","name":"Erik Marquardt","description":"Member of the European Parliament","publisher":{"@id":"https:\/\/erik-marquardt.eu\/#\/schema\/person\/ae6a90f9433e208a6be9ba844e6cff23"},"potentialAction":[{"@type":"SearchAction","target":{"@type":"EntryPoint","urlTemplate":"https:\/\/erik-marquardt.eu\/?s={search_term_string}"},"query-input":{"@type":"PropertyValueSpecification","valueRequired":true,"valueName":"search_term_string"}}],"inLanguage":"en-GB"},{"@type":["Person","Organization"],"@id":"https:\/\/erik-marquardt.eu\/#\/schema\/person\/ae6a90f9433e208a6be9ba844e6cff23","name":"Erik Marquardt","image":{"@type":"ImageObject","inLanguage":"en-GB","@id":"https:\/\/erik-marquardt.eu\/wp-content\/uploads\/2025\/12\/erik-markquardt_combined-logo_same-size.svg","url":"https:\/\/erik-marquardt.eu\/wp-content\/uploads\/2025\/12\/erik-markquardt_combined-logo_same-size.svg","contentUrl":"https:\/\/erik-marquardt.eu\/wp-content\/uploads\/2025\/12\/erik-markquardt_combined-logo_same-size.svg","width":370,"height":123,"caption":"Erik Marquardt"},"logo":{"@id":"https:\/\/erik-marquardt.eu\/wp-content\/uploads\/2025\/12\/erik-markquardt_combined-logo_same-size.svg"}}]}},"jetpack_sharing_enabled":true,"_links":{"self":[{"href":"https:\/\/erik-marquardt.eu\/en\/wp-json\/wp\/v2\/podcast\/2140","targetHints":{"allow":["GET"]}}],"collection":[{"href":"https:\/\/erik-marquardt.eu\/en\/wp-json\/wp\/v2\/podcast"}],"about":[{"href":"https:\/\/erik-marquardt.eu\/en\/wp-json\/wp\/v2\/types\/podcasts"}],"author":[{"embeddable":true,"href":"https:\/\/erik-marquardt.eu\/en\/wp-json\/wp\/v2\/users\/2"}],"wp:featuredmedia":[{"embeddable":true,"href":"https:\/\/erik-marquardt.eu\/en\/wp-json\/wp\/v2\/media\/2138"}],"wp:attachment":[{"href":"https:\/\/erik-marquardt.eu\/en\/wp-json\/wp\/v2\/media?parent=2140"}],"curies":[{"name":"wp","href":"https:\/\/api.w.org\/{rel}","templated":true}]}}