{"id":1920,"date":"2021-02-12T16:18:32","date_gmt":"2021-02-12T15:18:32","guid":{"rendered":"https:\/\/erik-marquardt.eu\/?post_type=podcasts&#038;p=1920"},"modified":"2021-03-30T15:57:13","modified_gmt":"2021-03-30T13:57:13","slug":"dickes-brett-14-corona-und-die-eu-mit-jutta-paulus","status":"publish","type":"podcasts","link":"https:\/\/erik-marquardt.eu\/en\/podcasts\/thick-board-14-corona-and-the-eu-with-jutta-paulus\/","title":{"rendered":"Thick Board #14: Corona and the EU with Jutta Paulus"},"content":{"rendered":"<figure class=\"wp-block-embed is-type-rich is-provider-soundcloud wp-block-embed-soundcloud wp-embed-aspect-4-3 wp-has-aspect-ratio\"><div class=\"wp-block-embed__wrapper\">\n<iframe loading=\"lazy\" title=\"Thick Board #14 Corona and the EU with Jutta Paulus by Erik Marquardt\" width=\"905\" height=\"400\" scrolling=\"no\" frameborder=\"no\" src=\"https:\/\/w.soundcloud.com\/player\/?visual=true&#038;url=https%3A%2F%2Fapi.soundcloud.com%2Ftracks%2F984166570&#038;show_artwork=true&#038;maxwidth=905&#038;maxheight=1000&#038;dnt=1\"><\/iframe>\n<\/div><\/figure>\n\n\n\n<p>There is currently a lot of criticism of the EU's vaccination strategy and many citizens are wondering why vaccination is slower in the EU than in other parts of the world. That is why, in this episode, I talk to my colleague and fellow party member Jutta Paulus about the European Union's pandemic and health policy. We also talk about the sense of the measures and how people in the global south can get faster access to vaccinations. <\/p>\n\n\n\n<p><a href=\"https:\/\/erik-marquardt.eu\/en\/2021\/02\/11\/wir-sind-nicht-sicher-vor-covid-19-bis-alle-sicher-sind\/\">I also wrote this text,<\/a> which shows why it is important not to exclude the global south from our vaccination campaigns. Because the mutations clearly show that we are also affected if vaccination is not carried out quickly enough worldwide. <\/p>\n\n\n\n<figure class=\"wp-block-embed is-type-rich is-provider-twitter wp-block-embed-twitter\"><div class=\"wp-block-embed__wrapper\">\n<blockquote class=\"twitter-tweet\" data-width=\"550\" data-dnt=\"true\"><p lang=\"de\" dir=\"ltr\">Border controls in <a href=\"https:\/\/twitter.com\/hashtag\/EU?src=hash&amp;ref_src=twsrc%5Etfw\">#EU<\/a> must be avoided wherever possible. <a href=\"https:\/\/twitter.com\/hashtag\/Tschechien?src=hash&amp;ref_src=twsrc%5Etfw\"># Czech Republic<\/a> + <a href=\"https:\/\/twitter.com\/hashtag\/Oesterreich?src=hash&amp;ref_src=twsrc%5Etfw\">#Oustria<\/a> are acting irresponsibly if they do not take action when the numbers are high!<br>Once again it is paying off that we do not have a EUROPEAN strategy against <a href=\"https:\/\/twitter.com\/hashtag\/COVID19?src=hash&amp;ref_src=twsrc%5Etfw\">#COVID19<\/a> have.<\/p>Jutta Paulus (@JuttaPaulusRLP) <a href=\"https:\/\/twitter.com\/JuttaPaulusRLP\/status\/1360147745181466628?ref_src=twsrc%5Etfw\">February 12, 2021<\/a><\/blockquote><script async src=\"https:\/\/platform.twitter.com\/widgets.js\" charset=\"utf-8\"><\/script>\n<\/div><\/figure>\n\n\n\n<blockquote class=\"wp-block-quote is-layout-flow wp-block-quote-is-layout-flow\"><p>\"I would like to see us go the route where not so many people die.\"<\/p><cite>Jutta Paulus, MEP Alliance 90\/The Greens <\/cite><\/blockquote>","protected":false},"excerpt":{"rendered":"<p>There is currently a lot of criticism of the EU's vaccination strategy and many citizens are wondering why vaccination is slower in the EU than in other parts of the world. That's why in this episode I talk to my colleague and fellow party member Jutta Paulus about the pandemic and health policy of the European Union. We also talk about the &hellip;<\/p>","protected":false},"author":2,"featured_media":1922,"template":"","meta":{"_FSMCFIC_featured_image_caption":"","_FSMCFIC_featured_image_nocaption":"","_FSMCFIC_featured_image_hide":""},"class_list":["post-1920","podcasts","type-podcasts","status-publish","has-post-thumbnail","hentry","post","with-featured-image"],"yoast_head":"<!-- This site is optimized with the Yoast SEO plugin v27.4 - https:\/\/yoast.com\/product\/yoast-seo-wordpress\/ -->\n<title>Dickes Brett #14: Corona und die EU mit Jutta Paulus<\/title>\n<meta name=\"description\" content=\"Ich spreche mit meiner Kollegin Jutta Paulus \u00fcber die Pandemiepolitik der EU und dar\u00fcber wie man Menschen weltweit schneller impfen k\u00f6nnte.\" \/>\n<meta name=\"robots\" content=\"index, follow, max-snippet:-1, max-image-preview:large, max-video-preview:-1\" \/>\n<link rel=\"canonical\" href=\"https:\/\/erik-marquardt.eu\/en\/podcasts\/thick-board-14-corona-and-the-eu-with-jutta-paulus\/\" \/>\n<meta property=\"og:locale\" content=\"en_GB\" \/>\n<meta property=\"og:type\" content=\"article\" \/>\n<meta property=\"og:title\" content=\"Dickes Brett #14: Corona und die EU mit Jutta Paulus\" \/>\n<meta property=\"og:description\" content=\"Ich spreche mit meiner Kollegin Jutta Paulus \u00fcber die Pandemiepolitik der EU und dar\u00fcber wie man Menschen weltweit schneller impfen k\u00f6nnte.\" \/>\n<meta property=\"og:url\" content=\"https:\/\/erik-marquardt.eu\/en\/podcasts\/thick-board-14-corona-and-the-eu-with-jutta-paulus\/\" \/>\n<meta property=\"og:site_name\" content=\"Erik Marquardt\" \/>\n<meta property=\"article:modified_time\" content=\"2021-03-30T13:57:13+00:00\" \/>\n<meta property=\"og:image\" content=\"https:\/\/erik-marquardt.eu\/wp-content\/uploads\/2021\/02\/210212-DB_14_Draft-.jpg\" \/>\n\t<meta property=\"og:image:width\" content=\"976\" \/>\n\t<meta property=\"og:image:height\" content=\"968\" \/>\n\t<meta property=\"og:image:type\" content=\"image\/jpeg\" \/>\n<meta name=\"twitter:card\" content=\"summary_large_image\" \/>\n<meta name=\"twitter:description\" content=\"Ich spreche mit meiner Kollegin Jutta Paulus \u00fcber die Pandemiepolitik der EU und dar\u00fcber wie man Menschen weltweit schneller impfen k\u00f6nnte.\" \/>\n<meta name=\"twitter:image\" content=\"https:\/\/erik-marquardt.eu\/wp-content\/uploads\/2021\/02\/210212-DB_14_Draft-.jpg\" \/>\n<meta name=\"twitter:label1\" content=\"Estimated reading time\" \/>\n\t<meta name=\"twitter:data1\" content=\"1 minute\" \/>\n<script type=\"application\/ld+json\" class=\"yoast-schema-graph\">{\"@context\":\"https:\\\/\\\/schema.org\",\"@graph\":[{\"@type\":\"WebPage\",\"@id\":\"https:\\\/\\\/erik-marquardt.eu\\\/en\\\/podcasts\\\/thick-board-14-corona-and-the-eu-with-jutta-paulus\\\/\",\"url\":\"https:\\\/\\\/erik-marquardt.eu\\\/en\\\/podcasts\\\/thick-board-14-corona-and-the-eu-with-jutta-paulus\\\/\",\"name\":\"Dickes Brett #14: Corona und die EU mit Jutta Paulus\",\"isPartOf\":{\"@id\":\"http:\\\/\\\/erik-marquardt.eu\\\/#website\"},\"primaryImageOfPage\":{\"@id\":\"https:\\\/\\\/erik-marquardt.eu\\\/en\\\/podcasts\\\/thick-board-14-corona-and-the-eu-with-jutta-paulus\\\/#primaryimage\"},\"image\":{\"@id\":\"https:\\\/\\\/erik-marquardt.eu\\\/en\\\/podcasts\\\/thick-board-14-corona-and-the-eu-with-jutta-paulus\\\/#primaryimage\"},\"thumbnailUrl\":\"https:\\\/\\\/erik-marquardt.eu\\\/wp-content\\\/uploads\\\/2021\\\/02\\\/210212-DB_14_Draft-.jpg\",\"datePublished\":\"2021-02-12T15:18:32+00:00\",\"dateModified\":\"2021-03-30T13:57:13+00:00\",\"description\":\"Ich spreche mit meiner Kollegin Jutta Paulus \u00fcber die Pandemiepolitik der EU und dar\u00fcber wie man Menschen weltweit schneller impfen k\u00f6nnte.\",\"breadcrumb\":{\"@id\":\"https:\\\/\\\/erik-marquardt.eu\\\/en\\\/podcasts\\\/thick-board-14-corona-and-the-eu-with-jutta-paulus\\\/#breadcrumb\"},\"inLanguage\":\"en-GB\",\"potentialAction\":[{\"@type\":\"ReadAction\",\"target\":[\"https:\\\/\\\/erik-marquardt.eu\\\/en\\\/podcasts\\\/thick-board-14-corona-and-the-eu-with-jutta-paulus\\\/\"]}]},{\"@type\":\"ImageObject\",\"inLanguage\":\"en-GB\",\"@id\":\"https:\\\/\\\/erik-marquardt.eu\\\/en\\\/podcasts\\\/thick-board-14-corona-and-the-eu-with-jutta-paulus\\\/#primaryimage\",\"url\":\"https:\\\/\\\/erik-marquardt.eu\\\/wp-content\\\/uploads\\\/2021\\\/02\\\/210212-DB_14_Draft-.jpg\",\"contentUrl\":\"https:\\\/\\\/erik-marquardt.eu\\\/wp-content\\\/uploads\\\/2021\\\/02\\\/210212-DB_14_Draft-.jpg\",\"width\":976,\"height\":968},{\"@type\":\"BreadcrumbList\",\"@id\":\"https:\\\/\\\/erik-marquardt.eu\\\/en\\\/podcasts\\\/thick-board-14-corona-and-the-eu-with-jutta-paulus\\\/#breadcrumb\",\"itemListElement\":[{\"@type\":\"ListItem\",\"position\":1,\"name\":\"Startseite\",\"item\":\"http:\\\/\\\/erik-marquardt.eu\\\/\"},{\"@type\":\"ListItem\",\"position\":2,\"name\":\"Podcasts\",\"item\":\"https:\\\/\\\/erik-marquardt.eu\\\/en\\\/podcasts\\\/\"},{\"@type\":\"ListItem\",\"position\":3,\"name\":\"Dickes Brett #14: Corona und die EU mit Jutta Paulus\"}]},{\"@type\":\"WebSite\",\"@id\":\"http:\\\/\\\/erik-marquardt.eu\\\/#website\",\"url\":\"http:\\\/\\\/erik-marquardt.eu\\\/\",\"name\":\"Erik Marquardt\",\"description\":\"Mitglied des Europ\u00e4ischen Parlaments \",\"publisher\":{\"@id\":\"http:\\\/\\\/erik-marquardt.eu\\\/#\\\/schema\\\/person\\\/ae6a90f9433e208a6be9ba844e6cff23\"},\"potentialAction\":[{\"@type\":\"SearchAction\",\"target\":{\"@type\":\"EntryPoint\",\"urlTemplate\":\"http:\\\/\\\/erik-marquardt.eu\\\/?s={search_term_string}\"},\"query-input\":{\"@type\":\"PropertyValueSpecification\",\"valueRequired\":true,\"valueName\":\"search_term_string\"}}],\"inLanguage\":\"en-GB\"},{\"@type\":[\"Person\",\"Organization\"],\"@id\":\"http:\\\/\\\/erik-marquardt.eu\\\/#\\\/schema\\\/person\\\/ae6a90f9433e208a6be9ba844e6cff23\",\"name\":\"Erik Marquardt\",\"image\":{\"@type\":\"ImageObject\",\"inLanguage\":\"en-GB\",\"@id\":\"https:\\\/\\\/erik-marquardt.eu\\\/wp-content\\\/uploads\\\/2025\\\/12\\\/erik-markquardt_combined-logo_same-size.svg\",\"url\":\"https:\\\/\\\/erik-marquardt.eu\\\/wp-content\\\/uploads\\\/2025\\\/12\\\/erik-markquardt_combined-logo_same-size.svg\",\"contentUrl\":\"https:\\\/\\\/erik-marquardt.eu\\\/wp-content\\\/uploads\\\/2025\\\/12\\\/erik-markquardt_combined-logo_same-size.svg\",\"width\":370,\"height\":123,\"caption\":\"Erik Marquardt\"},\"logo\":{\"@id\":\"https:\\\/\\\/erik-marquardt.eu\\\/wp-content\\\/uploads\\\/2025\\\/12\\\/erik-markquardt_combined-logo_same-size.svg\"}}]}<\/script>\n<!-- \/ Yoast SEO plugin. -->","yoast_head_json":{"title":"Thick Board #14: Corona and the EU with Jutta Paulus","description":"I talk to my colleague Jutta Paulus about the EU's pandemic policy and how people around the world could be vaccinated more quickly.","robots":{"index":"index","follow":"follow","max-snippet":"max-snippet:-1","max-image-preview":"max-image-preview:large","max-video-preview":"max-video-preview:-1"},"canonical":"https:\/\/erik-marquardt.eu\/en\/podcasts\/thick-board-14-corona-and-the-eu-with-jutta-paulus\/","og_locale":"en_GB","og_type":"article","og_title":"Dickes Brett #14: Corona und die EU mit Jutta Paulus","og_description":"Ich spreche mit meiner Kollegin Jutta Paulus \u00fcber die Pandemiepolitik der EU und dar\u00fcber wie man Menschen weltweit schneller impfen k\u00f6nnte.","og_url":"https:\/\/erik-marquardt.eu\/en\/podcasts\/thick-board-14-corona-and-the-eu-with-jutta-paulus\/","og_site_name":"Erik Marquardt","article_modified_time":"2021-03-30T13:57:13+00:00","og_image":[{"width":976,"height":968,"url":"https:\/\/erik-marquardt.eu\/wp-content\/uploads\/2021\/02\/210212-DB_14_Draft-.jpg","type":"image\/jpeg"}],"twitter_card":"summary_large_image","twitter_description":"Ich spreche mit meiner Kollegin Jutta Paulus \u00fcber die Pandemiepolitik der EU und dar\u00fcber wie man Menschen weltweit schneller impfen k\u00f6nnte.","twitter_image":"https:\/\/erik-marquardt.eu\/wp-content\/uploads\/2021\/02\/210212-DB_14_Draft-.jpg","twitter_misc":{"Estimated reading time":"1 minute"},"schema":{"@context":"https:\/\/schema.org","@graph":[{"@type":"WebPage","@id":"https:\/\/erik-marquardt.eu\/en\/podcasts\/thick-board-14-corona-and-the-eu-with-jutta-paulus\/","url":"https:\/\/erik-marquardt.eu\/en\/podcasts\/thick-board-14-corona-and-the-eu-with-jutta-paulus\/","name":"Thick Board #14: Corona and the EU with Jutta Paulus","isPartOf":{"@id":"http:\/\/erik-marquardt.eu\/#website"},"primaryImageOfPage":{"@id":"https:\/\/erik-marquardt.eu\/en\/podcasts\/thick-board-14-corona-and-the-eu-with-jutta-paulus\/#primaryimage"},"image":{"@id":"https:\/\/erik-marquardt.eu\/en\/podcasts\/thick-board-14-corona-and-the-eu-with-jutta-paulus\/#primaryimage"},"thumbnailUrl":"https:\/\/erik-marquardt.eu\/wp-content\/uploads\/2021\/02\/210212-DB_14_Draft-.jpg","datePublished":"2021-02-12T15:18:32+00:00","dateModified":"2021-03-30T13:57:13+00:00","description":"I talk to my colleague Jutta Paulus about the EU's pandemic policy and how people around the world could be vaccinated more quickly.","breadcrumb":{"@id":"https:\/\/erik-marquardt.eu\/en\/podcasts\/thick-board-14-corona-and-the-eu-with-jutta-paulus\/#breadcrumb"},"inLanguage":"en-GB","potentialAction":[{"@type":"ReadAction","target":["https:\/\/erik-marquardt.eu\/en\/podcasts\/thick-board-14-corona-and-the-eu-with-jutta-paulus\/"]}]},{"@type":"ImageObject","inLanguage":"en-GB","@id":"https:\/\/erik-marquardt.eu\/en\/podcasts\/thick-board-14-corona-and-the-eu-with-jutta-paulus\/#primaryimage","url":"https:\/\/erik-marquardt.eu\/wp-content\/uploads\/2021\/02\/210212-DB_14_Draft-.jpg","contentUrl":"https:\/\/erik-marquardt.eu\/wp-content\/uploads\/2021\/02\/210212-DB_14_Draft-.jpg","width":976,"height":968},{"@type":"BreadcrumbList","@id":"https:\/\/erik-marquardt.eu\/en\/podcasts\/thick-board-14-corona-and-the-eu-with-jutta-paulus\/#breadcrumb","itemListElement":[{"@type":"ListItem","position":1,"name":"Startseite","item":"http:\/\/erik-marquardt.eu\/"},{"@type":"ListItem","position":2,"name":"Podcasts","item":"https:\/\/erik-marquardt.eu\/en\/podcasts\/"},{"@type":"ListItem","position":3,"name":"Dickes Brett #14: Corona und die EU mit Jutta Paulus"}]},{"@type":"WebSite","@id":"http:\/\/erik-marquardt.eu\/#website","url":"http:\/\/erik-marquardt.eu\/","name":"Erik Marquardt","description":"Member of the European Parliament","publisher":{"@id":"http:\/\/erik-marquardt.eu\/#\/schema\/person\/ae6a90f9433e208a6be9ba844e6cff23"},"potentialAction":[{"@type":"SearchAction","target":{"@type":"EntryPoint","urlTemplate":"http:\/\/erik-marquardt.eu\/?s={search_term_string}"},"query-input":{"@type":"PropertyValueSpecification","valueRequired":true,"valueName":"search_term_string"}}],"inLanguage":"en-GB"},{"@type":["Person","Organization"],"@id":"http:\/\/erik-marquardt.eu\/#\/schema\/person\/ae6a90f9433e208a6be9ba844e6cff23","name":"Erik Marquardt","image":{"@type":"ImageObject","inLanguage":"en-GB","@id":"https:\/\/erik-marquardt.eu\/wp-content\/uploads\/2025\/12\/erik-markquardt_combined-logo_same-size.svg","url":"https:\/\/erik-marquardt.eu\/wp-content\/uploads\/2025\/12\/erik-markquardt_combined-logo_same-size.svg","contentUrl":"https:\/\/erik-marquardt.eu\/wp-content\/uploads\/2025\/12\/erik-markquardt_combined-logo_same-size.svg","width":370,"height":123,"caption":"Erik Marquardt"},"logo":{"@id":"https:\/\/erik-marquardt.eu\/wp-content\/uploads\/2025\/12\/erik-markquardt_combined-logo_same-size.svg"}}]}},"jetpack_sharing_enabled":true,"_links":{"self":[{"href":"https:\/\/erik-marquardt.eu\/en\/wp-json\/wp\/v2\/podcast\/1920","targetHints":{"allow":["GET"]}}],"collection":[{"href":"https:\/\/erik-marquardt.eu\/en\/wp-json\/wp\/v2\/podcast"}],"about":[{"href":"https:\/\/erik-marquardt.eu\/en\/wp-json\/wp\/v2\/types\/podcasts"}],"author":[{"embeddable":true,"href":"https:\/\/erik-marquardt.eu\/en\/wp-json\/wp\/v2\/users\/2"}],"wp:featuredmedia":[{"embeddable":true,"href":"https:\/\/erik-marquardt.eu\/en\/wp-json\/wp\/v2\/media\/1922"}],"wp:attachment":[{"href":"https:\/\/erik-marquardt.eu\/en\/wp-json\/wp\/v2\/media?parent=1920"}],"curies":[{"name":"wp","href":"https:\/\/api.w.org\/{rel}","templated":true}]}}