{"id":1260,"date":"2020-06-24T17:27:30","date_gmt":"2020-06-24T15:27:30","guid":{"rendered":"https:\/\/erik-marquardt.eu\/?post_type=podcasts&#038;p=1260"},"modified":"2021-03-30T15:58:38","modified_gmt":"2021-03-30T13:58:38","slug":"dickes-brett-8-europaeische-fluechtlingspolitik","status":"publish","type":"podcasts","link":"https:\/\/erik-marquardt.eu\/en\/podcasts\/thick-board-8-european-refugee-policy\/","title":{"rendered":"Thick board #8: European refugee policy"},"content":{"rendered":"<figure class=\"wp-block-embed is-type-rich is-provider-soundcloud wp-block-embed-soundcloud wp-embed-aspect-4-3 wp-has-aspect-ratio\"><div class=\"wp-block-embed__wrapper\">\n<iframe loading=\"lazy\" title=\"Thick Board 8 - European Refugee Policy by Erik Marquardt\" width=\"905\" height=\"400\" scrolling=\"no\" frameborder=\"no\" src=\"https:\/\/w.soundcloud.com\/player\/?visual=true&#038;url=https%3A%2F%2Fapi.soundcloud.com%2Ftracks%2F843162550&#038;show_artwork=true&#038;maxwidth=905&#038;maxheight=1000&#038;dnt=1\"><\/iframe>\n<\/div><\/figure>\n\n\n\n<p>In this episode, I speak with Josephine Liebl of the European Council on Refugees and Exiles (ECRE) about what a more humane European refugee policy could look like and why we don't have it.<\/p>\n\n\n\n<p>We look at why some politicians prefer to make populist proposals rather than solve problems. Why success is only measured by the fact that fewer people arrive, but not by how they are dealt with. And we also talk about why refugee organisations trust the European Parliament more than the Commission and the member states.<\/p>\n\n\n\n<h3 class=\"wp-block-heading\">Links to the episode<\/h3>\n\n\n\n<p>There are currently 79.5 million refugees in the world. <a href=\"https:\/\/www.unhcr.org\/statistics\/unhcrstats\/5ee200e37\/unhcr-global-trends-2019.html\">Here is the latest report of the UNHCR <\/a><\/p>\n\n\n\n<figure class=\"wp-block-embed is-type-rich is-provider-twitter wp-block-embed-twitter\"><div class=\"wp-block-embed__wrapper\">\n<blockquote class=\"twitter-tweet\" data-width=\"550\" data-dnt=\"true\"><p lang=\"de\" dir=\"ltr\">Just before the <a href=\"https:\/\/twitter.com\/hashtag\/Weltfl%C3%BCchtlingstag?src=hash&amp;ref_src=twsrc%5Etfw\">1TP3World Refugee Day<\/a> have been welcomed today, as they are every year, by the UN Refugee Agency... <a href=\"https:\/\/twitter.com\/Refugees?ref_src=twsrc%5Etfw\">@Refugees<\/a> published current figures.<br>Unfortunately, more people are on the run than ever before.<br>I have summarized key findings in the video.<a href=\"https:\/\/twitter.com\/hashtag\/leavenoonebehind?src=hash&amp;ref_src=twsrc%5Etfw\">#leavenoonebehind<\/a> <a href=\"https:\/\/t.co\/VBZv00zEuy\">pic.twitter.com\/VBZv00zEuy<\/a><\/p>&mdash; Erik Marquardt (@ErikMarquardt) <a href=\"https:\/\/twitter.com\/ErikMarquardt\/status\/1273628793165484032?ref_src=twsrc%5Etfw\">June 18, 2020<\/a><\/blockquote><script async src=\"https:\/\/platform.twitter.com\/widgets.js\" charset=\"utf-8\"><\/script>\n<\/div><\/figure>\n\n\n\n<blockquote class=\"wp-block-quote is-layout-flow wp-block-quote-is-layout-flow\"><p>The problem is not that there is no right of asylum, but that the right of asylum agreed by Member States is not applied by Member States. <\/p><cite>Josephine Liebl, European Council on Refugees and Exiles<\/cite><\/blockquote>\n\n\n\n<blockquote class=\"wp-block-quote is-layout-flow wp-block-quote-is-layout-flow\"><p>You look at rubber dinghies and see that there are people who look like they are from Syria and Afghanistan and then you don't save them, while you would probably save others.<\/p><cite>Erik Marquardt <\/cite><\/blockquote>","protected":false},"excerpt":{"rendered":"<p>In this episode, I speak with Josephine Liebl from the European Council on Refugees and Exiles (ECRE) about what a more humane European refugee policy could look like and why we don't have it. We look at why some politicians prefer to make populist proposals rather than solve problems. Why success is only measured by &hellip;<\/p>","protected":false},"author":2,"featured_media":1272,"template":"","meta":{"_FSMCFIC_featured_image_caption":"","_FSMCFIC_featured_image_nocaption":"","_FSMCFIC_featured_image_hide":""},"class_list":["post-1260","podcasts","type-podcasts","status-publish","has-post-thumbnail","hentry","post","with-featured-image"],"yoast_head":"<!-- This site is optimized with the Yoast SEO plugin v27.5 - https:\/\/yoast.com\/product\/yoast-seo-wordpress\/ -->\n<title>Dickes Brett #8: Europ\u00e4ische Fl\u00fcchtlingspolitik<\/title>\n<meta name=\"description\" content=\"In dieser Episode speche ich mit Josephine Liebl dar\u00fcber, wie eine humanere europ\u00e4ische Fl\u00fcchtlingspolitik aussehen k\u00f6nnte und warum wir sie nicht haben.\" \/>\n<meta name=\"robots\" content=\"index, follow, max-snippet:-1, max-image-preview:large, max-video-preview:-1\" \/>\n<link rel=\"canonical\" href=\"http:\/\/erik-marquardt.eu\/en\/podcasts\/thick-board-8-european-refugee-policy\/\" \/>\n<meta property=\"og:locale\" content=\"en_GB\" \/>\n<meta property=\"og:type\" content=\"article\" \/>\n<meta property=\"og:title\" content=\"Dickes Brett #8 Europ\u00e4ische Fl\u00fcchtlingspolitik\" \/>\n<meta property=\"og:description\" content=\"In dieser Episode speche ich mit Josephine Liebl dar\u00fcber, wie eine humanere europ\u00e4ische Fl\u00fcchtlingspolitik aussehen k\u00f6nnte und warum wir sie nicht haben.\" \/>\n<meta property=\"og:url\" content=\"http:\/\/erik-marquardt.eu\/en\/podcasts\/thick-board-8-european-refugee-policy\/\" \/>\n<meta property=\"og:site_name\" content=\"Erik Marquardt\" \/>\n<meta property=\"article:modified_time\" content=\"2021-03-30T13:58:38+00:00\" \/>\n<meta property=\"og:image\" content=\"http:\/\/erik-marquardt.eu\/wp-content\/uploads\/2020\/06\/2006-Podcastlogo.jpg\" \/>\n\t<meta property=\"og:image:width\" content=\"2000\" \/>\n\t<meta property=\"og:image:height\" content=\"2000\" \/>\n\t<meta property=\"og:image:type\" content=\"image\/jpeg\" \/>\n<meta name=\"twitter:card\" content=\"summary_large_image\" \/>\n<meta name=\"twitter:title\" content=\"Dickes Brett #8 Europ\u00e4ische Fl\u00fcchtlingspolitik\" \/>\n<meta name=\"twitter:description\" content=\"In dieser Episode speche ich mit Josephine Liebl dar\u00fcber, wie eine humanere europ\u00e4ische Fl\u00fcchtlingspolitik aussehen k\u00f6nnte und warum wir sie nicht haben.\" \/>\n<meta name=\"twitter:image\" content=\"https:\/\/erik-marquardt.eu\/wp-content\/uploads\/2020\/06\/2006-Podcastlogo.jpg\" \/>\n<meta name=\"twitter:label1\" content=\"Estimated reading time\" \/>\n\t<meta name=\"twitter:data1\" content=\"1 minute\" \/>\n<script type=\"application\/ld+json\" class=\"yoast-schema-graph\">{\"@context\":\"https:\\\/\\\/schema.org\",\"@graph\":[{\"@type\":\"WebPage\",\"@id\":\"http:\\\/\\\/erik-marquardt.eu\\\/en\\\/podcasts\\\/thick-board-8-european-refugee-policy\\\/\",\"url\":\"http:\\\/\\\/erik-marquardt.eu\\\/en\\\/podcasts\\\/thick-board-8-european-refugee-policy\\\/\",\"name\":\"Dickes Brett #8: Europ\u00e4ische Fl\u00fcchtlingspolitik\",\"isPartOf\":{\"@id\":\"http:\\\/\\\/erik-marquardt.eu\\\/#website\"},\"primaryImageOfPage\":{\"@id\":\"http:\\\/\\\/erik-marquardt.eu\\\/en\\\/podcasts\\\/thick-board-8-european-refugee-policy\\\/#primaryimage\"},\"image\":{\"@id\":\"http:\\\/\\\/erik-marquardt.eu\\\/en\\\/podcasts\\\/thick-board-8-european-refugee-policy\\\/#primaryimage\"},\"thumbnailUrl\":\"https:\\\/\\\/erik-marquardt.eu\\\/wp-content\\\/uploads\\\/2020\\\/06\\\/2006-Podcastlogo-1.jpg\",\"datePublished\":\"2020-06-24T15:27:30+00:00\",\"dateModified\":\"2021-03-30T13:58:38+00:00\",\"description\":\"In dieser Episode speche ich mit Josephine Liebl dar\u00fcber, wie eine humanere europ\u00e4ische Fl\u00fcchtlingspolitik aussehen k\u00f6nnte und warum wir sie nicht haben.\",\"breadcrumb\":{\"@id\":\"http:\\\/\\\/erik-marquardt.eu\\\/en\\\/podcasts\\\/thick-board-8-european-refugee-policy\\\/#breadcrumb\"},\"inLanguage\":\"en-GB\",\"potentialAction\":[{\"@type\":\"ReadAction\",\"target\":[\"http:\\\/\\\/erik-marquardt.eu\\\/en\\\/podcasts\\\/thick-board-8-european-refugee-policy\\\/\"]}]},{\"@type\":\"ImageObject\",\"inLanguage\":\"en-GB\",\"@id\":\"http:\\\/\\\/erik-marquardt.eu\\\/en\\\/podcasts\\\/thick-board-8-european-refugee-policy\\\/#primaryimage\",\"url\":\"https:\\\/\\\/erik-marquardt.eu\\\/wp-content\\\/uploads\\\/2020\\\/06\\\/2006-Podcastlogo-1.jpg\",\"contentUrl\":\"https:\\\/\\\/erik-marquardt.eu\\\/wp-content\\\/uploads\\\/2020\\\/06\\\/2006-Podcastlogo-1.jpg\",\"width\":2000,\"height\":2000},{\"@type\":\"BreadcrumbList\",\"@id\":\"http:\\\/\\\/erik-marquardt.eu\\\/en\\\/podcasts\\\/thick-board-8-european-refugee-policy\\\/#breadcrumb\",\"itemListElement\":[{\"@type\":\"ListItem\",\"position\":1,\"name\":\"Startseite\",\"item\":\"http:\\\/\\\/erik-marquardt.eu\\\/\"},{\"@type\":\"ListItem\",\"position\":2,\"name\":\"Podcasts\",\"item\":\"https:\\\/\\\/erik-marquardt.eu\\\/en\\\/podcasts\\\/\"},{\"@type\":\"ListItem\",\"position\":3,\"name\":\"Dickes Brett #8: Europ\u00e4ische Fl\u00fcchtlingspolitik\"}]},{\"@type\":\"WebSite\",\"@id\":\"http:\\\/\\\/erik-marquardt.eu\\\/#website\",\"url\":\"http:\\\/\\\/erik-marquardt.eu\\\/\",\"name\":\"Erik Marquardt\",\"description\":\"Mitglied des Europ\u00e4ischen Parlaments \",\"publisher\":{\"@id\":\"http:\\\/\\\/erik-marquardt.eu\\\/#\\\/schema\\\/person\\\/ae6a90f9433e208a6be9ba844e6cff23\"},\"potentialAction\":[{\"@type\":\"SearchAction\",\"target\":{\"@type\":\"EntryPoint\",\"urlTemplate\":\"http:\\\/\\\/erik-marquardt.eu\\\/?s={search_term_string}\"},\"query-input\":{\"@type\":\"PropertyValueSpecification\",\"valueRequired\":true,\"valueName\":\"search_term_string\"}}],\"inLanguage\":\"en-GB\"},{\"@type\":[\"Person\",\"Organization\"],\"@id\":\"http:\\\/\\\/erik-marquardt.eu\\\/#\\\/schema\\\/person\\\/ae6a90f9433e208a6be9ba844e6cff23\",\"name\":\"Erik Marquardt\",\"image\":{\"@type\":\"ImageObject\",\"inLanguage\":\"en-GB\",\"@id\":\"https:\\\/\\\/erik-marquardt.eu\\\/wp-content\\\/uploads\\\/2025\\\/12\\\/erik-markquardt_combined-logo_same-size.svg\",\"url\":\"https:\\\/\\\/erik-marquardt.eu\\\/wp-content\\\/uploads\\\/2025\\\/12\\\/erik-markquardt_combined-logo_same-size.svg\",\"contentUrl\":\"https:\\\/\\\/erik-marquardt.eu\\\/wp-content\\\/uploads\\\/2025\\\/12\\\/erik-markquardt_combined-logo_same-size.svg\",\"width\":370,\"height\":123,\"caption\":\"Erik Marquardt\"},\"logo\":{\"@id\":\"https:\\\/\\\/erik-marquardt.eu\\\/wp-content\\\/uploads\\\/2025\\\/12\\\/erik-markquardt_combined-logo_same-size.svg\"}}]}<\/script>\n<!-- \/ Yoast SEO plugin. -->","yoast_head_json":{"title":"Thick board #8: European refugee policy","description":"In this episode, I speak with Josephine Liebl about what a more humane European refugee policy could look like and why we don't have it.","robots":{"index":"index","follow":"follow","max-snippet":"max-snippet:-1","max-image-preview":"max-image-preview:large","max-video-preview":"max-video-preview:-1"},"canonical":"http:\/\/erik-marquardt.eu\/en\/podcasts\/thick-board-8-european-refugee-policy\/","og_locale":"en_GB","og_type":"article","og_title":"Dickes Brett #8 Europ\u00e4ische Fl\u00fcchtlingspolitik","og_description":"In dieser Episode speche ich mit Josephine Liebl dar\u00fcber, wie eine humanere europ\u00e4ische Fl\u00fcchtlingspolitik aussehen k\u00f6nnte und warum wir sie nicht haben.","og_url":"http:\/\/erik-marquardt.eu\/en\/podcasts\/thick-board-8-european-refugee-policy\/","og_site_name":"Erik Marquardt","article_modified_time":"2021-03-30T13:58:38+00:00","og_image":[{"width":2000,"height":2000,"url":"http:\/\/erik-marquardt.eu\/wp-content\/uploads\/2020\/06\/2006-Podcastlogo.jpg","type":"image\/jpeg"}],"twitter_card":"summary_large_image","twitter_title":"Dickes Brett #8 Europ\u00e4ische Fl\u00fcchtlingspolitik","twitter_description":"In dieser Episode speche ich mit Josephine Liebl dar\u00fcber, wie eine humanere europ\u00e4ische Fl\u00fcchtlingspolitik aussehen k\u00f6nnte und warum wir sie nicht haben.","twitter_image":"https:\/\/erik-marquardt.eu\/wp-content\/uploads\/2020\/06\/2006-Podcastlogo.jpg","twitter_misc":{"Estimated reading time":"1 minute"},"schema":{"@context":"https:\/\/schema.org","@graph":[{"@type":"WebPage","@id":"http:\/\/erik-marquardt.eu\/en\/podcasts\/thick-board-8-european-refugee-policy\/","url":"http:\/\/erik-marquardt.eu\/en\/podcasts\/thick-board-8-european-refugee-policy\/","name":"Thick board #8: European refugee policy","isPartOf":{"@id":"http:\/\/erik-marquardt.eu\/#website"},"primaryImageOfPage":{"@id":"http:\/\/erik-marquardt.eu\/en\/podcasts\/thick-board-8-european-refugee-policy\/#primaryimage"},"image":{"@id":"http:\/\/erik-marquardt.eu\/en\/podcasts\/thick-board-8-european-refugee-policy\/#primaryimage"},"thumbnailUrl":"https:\/\/erik-marquardt.eu\/wp-content\/uploads\/2020\/06\/2006-Podcastlogo-1.jpg","datePublished":"2020-06-24T15:27:30+00:00","dateModified":"2021-03-30T13:58:38+00:00","description":"In this episode, I speak with Josephine Liebl about what a more humane European refugee policy could look like and why we don't have it.","breadcrumb":{"@id":"http:\/\/erik-marquardt.eu\/en\/podcasts\/thick-board-8-european-refugee-policy\/#breadcrumb"},"inLanguage":"en-GB","potentialAction":[{"@type":"ReadAction","target":["http:\/\/erik-marquardt.eu\/en\/podcasts\/thick-board-8-european-refugee-policy\/"]}]},{"@type":"ImageObject","inLanguage":"en-GB","@id":"http:\/\/erik-marquardt.eu\/en\/podcasts\/thick-board-8-european-refugee-policy\/#primaryimage","url":"https:\/\/erik-marquardt.eu\/wp-content\/uploads\/2020\/06\/2006-Podcastlogo-1.jpg","contentUrl":"https:\/\/erik-marquardt.eu\/wp-content\/uploads\/2020\/06\/2006-Podcastlogo-1.jpg","width":2000,"height":2000},{"@type":"BreadcrumbList","@id":"http:\/\/erik-marquardt.eu\/en\/podcasts\/thick-board-8-european-refugee-policy\/#breadcrumb","itemListElement":[{"@type":"ListItem","position":1,"name":"Startseite","item":"http:\/\/erik-marquardt.eu\/"},{"@type":"ListItem","position":2,"name":"Podcasts","item":"https:\/\/erik-marquardt.eu\/en\/podcasts\/"},{"@type":"ListItem","position":3,"name":"Dickes Brett #8: Europ\u00e4ische Fl\u00fcchtlingspolitik"}]},{"@type":"WebSite","@id":"http:\/\/erik-marquardt.eu\/#website","url":"http:\/\/erik-marquardt.eu\/","name":"Erik Marquardt","description":"Member of the European Parliament","publisher":{"@id":"http:\/\/erik-marquardt.eu\/#\/schema\/person\/ae6a90f9433e208a6be9ba844e6cff23"},"potentialAction":[{"@type":"SearchAction","target":{"@type":"EntryPoint","urlTemplate":"http:\/\/erik-marquardt.eu\/?s={search_term_string}"},"query-input":{"@type":"PropertyValueSpecification","valueRequired":true,"valueName":"search_term_string"}}],"inLanguage":"en-GB"},{"@type":["Person","Organization"],"@id":"http:\/\/erik-marquardt.eu\/#\/schema\/person\/ae6a90f9433e208a6be9ba844e6cff23","name":"Erik Marquardt","image":{"@type":"ImageObject","inLanguage":"en-GB","@id":"https:\/\/erik-marquardt.eu\/wp-content\/uploads\/2025\/12\/erik-markquardt_combined-logo_same-size.svg","url":"https:\/\/erik-marquardt.eu\/wp-content\/uploads\/2025\/12\/erik-markquardt_combined-logo_same-size.svg","contentUrl":"https:\/\/erik-marquardt.eu\/wp-content\/uploads\/2025\/12\/erik-markquardt_combined-logo_same-size.svg","width":370,"height":123,"caption":"Erik Marquardt"},"logo":{"@id":"https:\/\/erik-marquardt.eu\/wp-content\/uploads\/2025\/12\/erik-markquardt_combined-logo_same-size.svg"}}]}},"jetpack_sharing_enabled":true,"_links":{"self":[{"href":"https:\/\/erik-marquardt.eu\/en\/wp-json\/wp\/v2\/podcast\/1260","targetHints":{"allow":["GET"]}}],"collection":[{"href":"https:\/\/erik-marquardt.eu\/en\/wp-json\/wp\/v2\/podcast"}],"about":[{"href":"https:\/\/erik-marquardt.eu\/en\/wp-json\/wp\/v2\/types\/podcasts"}],"author":[{"embeddable":true,"href":"https:\/\/erik-marquardt.eu\/en\/wp-json\/wp\/v2\/users\/2"}],"wp:featuredmedia":[{"embeddable":true,"href":"https:\/\/erik-marquardt.eu\/en\/wp-json\/wp\/v2\/media\/1272"}],"wp:attachment":[{"href":"https:\/\/erik-marquardt.eu\/en\/wp-json\/wp\/v2\/media?parent=1260"}],"curies":[{"name":"wp","href":"https:\/\/api.w.org\/{rel}","templated":true}]}}