{"version":"1.0","provider_name":"Erik Marquardt","provider_url":"http:\/\/erik-marquardt.eu\/en","title":"Kalenderwoche 11: Europaparlamentssitzung - Erik Marquardt","type":"rich","width":600,"height":338,"html":"<blockquote class=\"wp-embedded-content\" data-secret=\"z6G5BkThaO\"><a href=\"http:\/\/erik-marquardt.eu\/en\/kalenderwoche-11-europaparlamentssitzung\/\">Kalenderwoche 11: Europaparlamentssitzung<\/a><\/blockquote><iframe sandbox=\"allow-scripts\" security=\"restricted\" src=\"http:\/\/erik-marquardt.eu\/en\/kalenderwoche-11-europaparlamentssitzung\/embed\/#?secret=z6G5BkThaO\" width=\"600\" height=\"338\" title=\"&#8220;Kalenderwoche 11: Europaparlamentssitzung&#8221; &#8212; Erik Marquardt \" data-secret=\"z6G5BkThaO\" frameborder=\"0\" marginwidth=\"0\" marginheight=\"0\" scrolling=\"no\" class=\"wp-embedded-content\"><\/iframe><script type=\"text\/javascript\">\n\/* <![CDATA[ *\/\n\/*! This file is auto-generated *\/\n!function(d,l){\"use strict\";l.querySelector&&d.addEventListener&&\"undefined\"!=typeof URL&&(d.wp=d.wp||{},d.wp.receiveEmbedMessage||(d.wp.receiveEmbedMessage=function(e){var t=e.data;if((t||t.secret||t.message||t.value)&&!\/[^a-zA-Z0-9]\/.test(t.secret)){for(var s,r,n,a=l.querySelectorAll('iframe[data-secret=\"'+t.secret+'\"]'),o=l.querySelectorAll('blockquote[data-secret=\"'+t.secret+'\"]'),c=new RegExp(\"^https?:$\",\"i\"),i=0;i<o.length;i++)o[i].style.display=\"none\";for(i=0;i<a.length;i++)s=a[i],e.source===s.contentWindow&&(s.removeAttribute(\"style\"),\"height\"===t.message?(1e3<(r=parseInt(t.value,10))?r=1e3:~~r<200&&(r=200),s.height=r):\"link\"===t.message&&(r=new URL(s.getAttribute(\"src\")),n=new URL(t.value),c.test(n.protocol))&&n.host===r.host&&l.activeElement===s&&(d.top.location.href=t.value))}},d.addEventListener(\"message\",d.wp.receiveEmbedMessage,!1),l.addEventListener(\"DOMContentLoaded\",function(){for(var e,t,s=l.querySelectorAll(\"iframe.wp-embedded-content\"),r=0;r<s.length;r++)(t=(e=s[r]).getAttribute(\"data-secret\"))||(t=Math.random().toString(36).substring(2,12),e.src+=\"#?secret=\"+t,e.setAttribute(\"data-secret\",t)),e.contentWindow.postMessage({message:\"ready\",secret:t},\"*\")},!1)))}(window,document);\n\/\/# sourceURL=http:\/\/erik-marquardt.eu\/wp-includes\/js\/wp-embed.min.js\n\/* ]]> *\/\n<\/script>","thumbnail_url":"https:\/\/erik-marquardt.eu\/wp-content\/uploads\/2021\/02\/Opening_of_February_plenary_session_with_Vice-president_McGuinness_49517029202-1200x800-1.jpg","thumbnail_width":1200,"thumbnail_height":800,"description":"Internationaler Frauenkampftag: Kampf gegen Gewalt an Frauen im Netz&nbsp; Anl\u00e4sslich des Internationalen Frauentags am 8. M\u00e4rz haben wir \u00fcber Gewalt an Frauen und die Gefahren von Cybermobbing gesprochen. Gerade Frauen und M\u00e4dchen sind besonders h\u00e4ufig betroffen. Um sie besser zu sch\u00fctzen, fordern wir eine konsequente Durchsetzung des Gesetzes \u00fcber digitale Dienste sowie ein Verbot von &hellip;"}